{"id":6472,"date":"2019-12-24T11:18:47","date_gmt":"2019-12-24T10:18:47","guid":{"rendered":"https:\/\/botanico.uclm.es\/en\/profile\/beatriz-garcia-fernandez\/"},"modified":"2022-12-21T17:16:55","modified_gmt":"2022-12-21T16:16:55","slug":"beatriz-garcia-fernandez","status":"publish","type":"profile","link":"https:\/\/botanico.uclm.es\/en\/profile\/beatriz-garcia-fernandez\/","title":{"rendered":"Beatriz Garc\u00eda Fern\u00e1ndez"},"content":{"rendered":"<style type=\"text\/css\"> \n#cmsms_row_69ec918c160a8 .cmsms_row_outer_parent { \n\tpadding-top: 0px; \n} \n\n#cmsms_row_69ec918c160a8 .cmsms_row_outer_parent { \n\tpadding-bottom: 50px; \n} \n\n\n#cmsms_button_69ec918c16354 { \n\ttext-align:center; \n} \n\n#cmsms_button_69ec918c16354 .cmsms_button:before { \n\tmargin-right:.5em; \n\tmargin-left:0; \n\tvertical-align:baseline; \n} \n\n#cmsms_button_69ec918c16354 .cmsms_button { \n\tfont-weight:100; \n\tfont-style:normal; \n\tpadding-right:20px; \n\tpadding-left:20px; \n} \n#cmsms_button_69ec918c16354 .cmsms_button:hover { \n} \n<\/style><div id=\"cmsms_row_69ec918c160a8\" class=\"cmsms_row cmsms_color_scheme_default\">\n<div class=\"cmsms_row_outer_parent\">\n<div class=\"cmsms_row_outer\">\n<div class=\"cmsms_row_inner\">\n<div class=\"cmsms_row_margin\">\n<div class=\"cmsms_column one_first\">\n<div class=\"cmsms_text\">\n<h2>Resumen<\/h2>\n<p>Beatriz Garc\u00eda Fern\u00e1ndez es Doctora Ingeniera de Caminos, Canales y Puertos por la Universidad de Castilla-La Mancha y profesora en esta misma Universidad en la Facultad de Educaci\u00f3n de Ciudad Real desde el a\u00f1o 2011. Est\u00e1 adscrita al \u00e1rea de Did\u00e1ctica de las Ciencias Experimentales y es miembro del grupo de investigaci\u00f3n Bot\u00e1nica, Etnobiolog\u00eda y Educaci\u00f3n.<\/p>\n<p>Ha participado en diversos proyectos de investigaci\u00f3n financiados en convocatorias competitivas y contratos con instituciones y Administraciones P\u00fablicas vinculados a humedales protegidos de Castilla-La Mancha y al \u00e1mbito educativo. Adem\u00e1s, ha publicado m\u00e1s de treinta art\u00edculos en revistas indexadas vinculados a la Educaci\u00f3n y a la gesti\u00f3n de ecosistemas protegidos. Tambi\u00e9n ha realizado estancias en la Pontificia Universidad Cat\u00f3lica de Chile, el Instituto Polit\u00e9cnico de Lisboa y la Universidad del Algarve, en Portugal, y en la Universidad Odisee, en B\u00e9lgica.<\/p>\n<\/div>\n\n<div id=\"cmsms_button_69ec918c16354\" class=\"button_wrap\"><a href=\"mailto:%20beatriz.garcia@uclm.es\" class=\"cmsms_button\">Enviar correo electr\u00f3nico<\/a><\/div>\n<\/div>\n<\/div>\n<\/div>\n<\/div>\n<\/div>\n<\/div>\n\n","protected":false},"excerpt":{"rendered":"","protected":false},"featured_media":4802,"menu_order":0,"comment_status":"closed","ping_status":"open","template":"","meta":[],"pl-categs":[109],"yoast_head":"<!-- This site is optimized with the Yoast SEO plugin v19.9 - https:\/\/yoast.com\/wordpress\/plugins\/seo\/ -->\n<title>Beatriz Garc\u00eda Fern\u00e1ndez - Instituto Bot\u00e1nico<\/title>\n<meta name=\"robots\" content=\"index, follow, max-snippet:-1, max-image-preview:large, max-video-preview:-1\" \/>\n<link rel=\"canonical\" href=\"https:\/\/botanico.uclm.es\/en\/profile\/beatriz-garcia-fernandez\/\" \/>\n<meta property=\"og:locale\" content=\"en_US\" \/>\n<meta property=\"og:type\" content=\"article\" \/>\n<meta property=\"og:title\" content=\"Beatriz Garc\u00eda Fern\u00e1ndez - Instituto Bot\u00e1nico\" \/>\n<meta property=\"og:url\" content=\"https:\/\/botanico.uclm.es\/en\/profile\/beatriz-garcia-fernandez\/\" \/>\n<meta property=\"og:site_name\" content=\"Instituto Bot\u00e1nico\" \/>\n<meta property=\"article:modified_time\" content=\"2022-12-21T16:16:55+00:00\" \/>\n<meta property=\"og:image\" content=\"https:\/\/botanico.uclm.es\/wp-content\/uploads\/2019\/12\/beatriz-garcia.jpg\" \/>\n\t<meta property=\"og:image:width\" content=\"386\" \/>\n\t<meta property=\"og:image:height\" content=\"479\" \/>\n\t<meta property=\"og:image:type\" content=\"image\/jpeg\" \/>\n<meta name=\"twitter:card\" content=\"summary_large_image\" \/>\n<meta name=\"twitter:label1\" content=\"Est. reading time\" \/>\n\t<meta name=\"twitter:data1\" content=\"1 minute\" \/>\n<script type=\"application\/ld+json\" class=\"yoast-schema-graph\">{\"@context\":\"https:\/\/schema.org\",\"@graph\":[{\"@type\":\"WebPage\",\"@id\":\"https:\/\/botanico.uclm.es\/en\/profile\/beatriz-garcia-fernandez\/\",\"url\":\"https:\/\/botanico.uclm.es\/en\/profile\/beatriz-garcia-fernandez\/\",\"name\":\"Beatriz Garc\u00eda Fern\u00e1ndez - Instituto Bot\u00e1nico\",\"isPartOf\":{\"@id\":\"https:\/\/botanico.uclm.es\/#website\"},\"datePublished\":\"2019-12-24T10:18:47+00:00\",\"dateModified\":\"2022-12-21T16:16:55+00:00\",\"breadcrumb\":{\"@id\":\"https:\/\/botanico.uclm.es\/en\/profile\/beatriz-garcia-fernandez\/#breadcrumb\"},\"inLanguage\":\"ENH\",\"potentialAction\":[{\"@type\":\"ReadAction\",\"target\":[\"https:\/\/botanico.uclm.es\/en\/profile\/beatriz-garcia-fernandez\/\"]}]},{\"@type\":\"BreadcrumbList\",\"@id\":\"https:\/\/botanico.uclm.es\/en\/profile\/beatriz-garcia-fernandez\/#breadcrumb\",\"itemListElement\":[{\"@type\":\"ListItem\",\"position\":1,\"name\":\"Portada\",\"item\":\"https:\/\/botanico.uclm.es\/en\/\"},{\"@type\":\"ListItem\",\"position\":2,\"name\":\"Profiles\",\"item\":\"https:\/\/botanico.uclm.es\/profile\/\"},{\"@type\":\"ListItem\",\"position\":3,\"name\":\"Beatriz Garc\u00eda Fern\u00e1ndez\"}]},{\"@type\":\"WebSite\",\"@id\":\"https:\/\/botanico.uclm.es\/#website\",\"url\":\"https:\/\/botanico.uclm.es\/\",\"name\":\"Instituto Bot\u00e1nico\",\"description\":\"Universidad de Castilla-La Mancha\",\"potentialAction\":[{\"@type\":\"SearchAction\",\"target\":{\"@type\":\"EntryPoint\",\"urlTemplate\":\"https:\/\/botanico.uclm.es\/?s={search_term_string}\"},\"query-input\":\"required name=search_term_string\"}],\"inLanguage\":\"ENH\"}]}<\/script>\n<!-- \/ Yoast SEO plugin. -->","yoast_head_json":{"title":"Beatriz Garc\u00eda Fern\u00e1ndez - Instituto Bot\u00e1nico","robots":{"index":"index","follow":"follow","max-snippet":"max-snippet:-1","max-image-preview":"max-image-preview:large","max-video-preview":"max-video-preview:-1"},"canonical":"https:\/\/botanico.uclm.es\/en\/profile\/beatriz-garcia-fernandez\/","og_locale":"en_US","og_type":"article","og_title":"Beatriz Garc\u00eda Fern\u00e1ndez - Instituto Bot\u00e1nico","og_url":"https:\/\/botanico.uclm.es\/en\/profile\/beatriz-garcia-fernandez\/","og_site_name":"Instituto Bot\u00e1nico","article_modified_time":"2022-12-21T16:16:55+00:00","og_image":[{"width":386,"height":479,"url":"https:\/\/botanico.uclm.es\/wp-content\/uploads\/2019\/12\/beatriz-garcia.jpg","type":"image\/jpeg"}],"twitter_card":"summary_large_image","twitter_misc":{"Est. reading time":"1 minute"},"schema":{"@context":"https:\/\/schema.org","@graph":[{"@type":"WebPage","@id":"https:\/\/botanico.uclm.es\/en\/profile\/beatriz-garcia-fernandez\/","url":"https:\/\/botanico.uclm.es\/en\/profile\/beatriz-garcia-fernandez\/","name":"Beatriz Garc\u00eda Fern\u00e1ndez - Instituto Bot\u00e1nico","isPartOf":{"@id":"https:\/\/botanico.uclm.es\/#website"},"datePublished":"2019-12-24T10:18:47+00:00","dateModified":"2022-12-21T16:16:55+00:00","breadcrumb":{"@id":"https:\/\/botanico.uclm.es\/en\/profile\/beatriz-garcia-fernandez\/#breadcrumb"},"inLanguage":"ENH","potentialAction":[{"@type":"ReadAction","target":["https:\/\/botanico.uclm.es\/en\/profile\/beatriz-garcia-fernandez\/"]}]},{"@type":"BreadcrumbList","@id":"https:\/\/botanico.uclm.es\/en\/profile\/beatriz-garcia-fernandez\/#breadcrumb","itemListElement":[{"@type":"ListItem","position":1,"name":"Portada","item":"https:\/\/botanico.uclm.es\/en\/"},{"@type":"ListItem","position":2,"name":"Profiles","item":"https:\/\/botanico.uclm.es\/profile\/"},{"@type":"ListItem","position":3,"name":"Beatriz Garc\u00eda Fern\u00e1ndez"}]},{"@type":"WebSite","@id":"https:\/\/botanico.uclm.es\/#website","url":"https:\/\/botanico.uclm.es\/","name":"Instituto Bot\u00e1nico","description":"Universidad de Castilla-La Mancha","potentialAction":[{"@type":"SearchAction","target":{"@type":"EntryPoint","urlTemplate":"https:\/\/botanico.uclm.es\/?s={search_term_string}"},"query-input":"required name=search_term_string"}],"inLanguage":"ENH"}]}},"_links":{"self":[{"href":"https:\/\/botanico.uclm.es\/en\/wp-json\/wp\/v2\/profile\/6472"}],"collection":[{"href":"https:\/\/botanico.uclm.es\/en\/wp-json\/wp\/v2\/profile"}],"about":[{"href":"https:\/\/botanico.uclm.es\/en\/wp-json\/wp\/v2\/types\/profile"}],"replies":[{"embeddable":true,"href":"https:\/\/botanico.uclm.es\/en\/wp-json\/wp\/v2\/comments?post=6472"}],"version-history":[{"count":1,"href":"https:\/\/botanico.uclm.es\/en\/wp-json\/wp\/v2\/profile\/6472\/revisions"}],"predecessor-version":[{"id":6485,"href":"https:\/\/botanico.uclm.es\/en\/wp-json\/wp\/v2\/profile\/6472\/revisions\/6485"}],"wp:featuredmedia":[{"embeddable":true,"href":"https:\/\/botanico.uclm.es\/en\/wp-json\/wp\/v2\/media\/4802"}],"wp:attachment":[{"href":"https:\/\/botanico.uclm.es\/en\/wp-json\/wp\/v2\/media?parent=6472"}],"wp:term":[{"taxonomy":"pl-categs","embeddable":true,"href":"https:\/\/botanico.uclm.es\/en\/wp-json\/wp\/v2\/pl-categs?post=6472"}],"curies":[{"name":"wp","href":"https:\/\/api.w.org\/{rel}","templated":true}]}}